{"id":37,"date":"2011-05-07T17:27:12","date_gmt":"2011-05-07T15:27:12","guid":{"rendered":"http:\/\/www.szarestado.pl\/test\/?page_id=37"},"modified":"2012-04-04T14:51:38","modified_gmt":"2012-04-04T12:51:38","slug":"miot-v","status":"publish","type":"page","link":"https:\/\/www.szarestado.pl\/en\/mioty\/miot-v","title":{"rendered":"Litter V"},"content":{"rendered":"<p><span style=\"text-decoration: underline;\"><strong>LITTER V<\/strong> &#8211; POJAWI\u0141 SI\u0118 NA \u015aWIECIE: 24.12.2010<\/span><\/p>\n<table cellspacing=\"10\" align=\"center\">\n<tbody>\n<tr>\n<td><a href=\"..\/..\/galery\/szczeproxy\/album\/index.html\" target=\"_blank\"><img decoding=\"async\" src=\"\/galery\/szczeproxy\/szczep.jpg\" alt=\"\" \/><\/a><\/td>\n<td><a href=\"..\/..\/galery\/miotv\/album\/index.html\" target=\"_blank\"><img decoding=\"async\" src=\"\/galery\/miotv\/mv.jpg\" alt=\"\" \/><\/a><\/td>\n<\/tr>\n<tr>\n<td align=\"center\"><a href=\"..\/..\/galery\/szczeproxy\/album\/index.html\" target=\"_blank\">see litter V&#8217;s gallery<\/a><\/td>\n<td align=\"center\"><a href=\"..\/..\/galery\/miotv\/album\/index.html\" target=\"_blank\">see litter V&#8217;s gallery &#8211; part 2<\/a><\/td>\n<\/tr>\n<tr>\n<td><a href=\"..\/..\/galery\/cour\/album\/index.html\" target=\"_blank\"><img decoding=\"async\" src=\"\/galery\/cour\/cour.jpg\" alt=\"\" \/><\/a><\/td>\n<td><a href=\"http:\/\/www.szarestado.pl\/dalsze-losy-miotu-v\"><img decoding=\"async\" src=\"\/galery\/mv\/dlmv.jpg\" alt=\"\" \/><\/a><\/td>\n<\/tr>\n<tr>\n<td align=\"center\"><a href=\"..\/..\/galery\/szczeproxy\/album\/index.html\" target=\"_blank\">litter V and coursing<\/a><\/td>\n<td align=\"center\"><a href=\"http:\/\/www.szarestado.pl\/dalsze-losy-miotu-v\">the fate of litter V<\/a><\/td>\n<\/tr>\n<\/tbody>\n<\/table>\n<p>Szczeniaki z tego miotu zacz\u0119\u0142y opuszcza\u0107 Szare Stado od 25 lutego.<\/p>\n<p><strong><span style=\"text-decoration: underline;\">Miot V wyrusza w \u015bwiat:<\/span><\/strong><\/p>\n<p><strong>Vesta<\/strong> znalaz\u0142a sw\u00f3j nowy dom u Ani w Starym Rybiu &#8211; <a class=\"active\" href=\"http:\/\/www.szarestado.pl\/?p=120\">zobacz jej dalsze losy<\/a><\/p>\n<p><strong>Vika<\/strong> odesz\u0142a do Oli i Marka, by wsp\u00f3lnie z nimi zamieszka\u0107 w malowniczej miejscowo\u015bci pod Krakowem &#8211; <a class=\"active\" href=\"http:\/\/www.szarestado.pl\/?p=125\">zobacz jej dalsze losy<\/a><\/p>\n<p><strong>Ver\u0119<\/strong> zauroczy\u0142a ziemia \u015bwi\u0119tokrzyska, dlatego trafi\u0142a do pani Renaty mieszkaj\u0105cej pod Kielcami &#8211; zobacz jej dalsze losy<\/p>\n<p><strong>Volver<\/strong> spodoba\u0142 si\u0119 Klaudii i Marcinowi i wyw\u0119drowa\u0142 a\u017c w okolice Wroc\u0142awia &#8211; <a class=\"active\" href=\"http:\/\/www.szarestado.pl\/?p=128\">zobacz jego dalsze losy<\/a><\/p>\n<p><strong>Vinci<\/strong> zast\u0119skni\u0142 za wiekim \u015bwiatem i pojecha\u0142 do pani Magdy pod Warszaw\u0119 &#8211; <a class=\"active\" href=\" http:\/\/www.szarestado.pl\/?p=135\">zobacz jego dalsze losy<\/a><\/p>\n<p><strong>Varon<\/strong> te\u017c wybra\u0142 si\u0119 w rejony stolicy, gdzie czeka\u0142a na niego pani Marta &#8211; zobacz jego dalsze losy<\/p>\n<p><strong>Vincent<\/strong> lubi wcze\u015bnie wstawa\u0107, dlatego wybiera si\u0119 tam, gdzie s\u0142o\u0144ce pojawia si\u0119 do\u015b\u0107 szybko, do pani Danuty pod Zamo\u015b\u0107 &#8211; <a class=\"active\" href=\"http:\/\/www.szarestado.pl\/?p=131\">zobacz jego dalsze losy<\/a><\/p>\n<p><strong>Vasco <\/strong> dla r\u00f3wnowagi mi\u0119dzy by\u0142\u0105 i obecn\u0105 stolic\u0105, wybra\u0142 dom pana Artura w Krakowie &#8211; <a href=\"http:\/\/www.szarestado.pl\/miot-v-wyrusza-w-swiat-7\">zobacz jego dalsze losy.<\/a><\/p>\n<p><strong>Varna<\/strong> zosta\u0142a z nami &#8211; <a class=\"active\" href=\"http:\/\/www.szarestado.pl\/?page_id=31\"><br \/>\nzobacz w nasze psy<br \/>\n<\/a><\/p>\n<p>On the 24-th December 2010, the Irish Wolfhound puppies were born. There are five males and five females. Visit our website to see how they are growing:) The mother is Proxima Wichrowe Zauroczenie, our bitch. She has a well-balanced temperament and a very correct build. Her pedigree can be found under the topic &#8220;Proxima&#8221; (in the <a href=\"http:\/\/www.szarestado.pl\/en\/nasze-psy\">Our Dogs<\/a> section). The father is Knallasen&#8217;s COUPERIN, a dog with a coursing licence, imported from Sweden. The bitch&#8217;s and the dog&#8217;s hearts are healthy and have been medically examined. The forecasts for this mating are very optimistic. Both in Proxima&#8217;s and in Knallasen&#8217;s COUPERIN&#8217;s lines there have been no genetic diseases, many ancestors were long-lived. The COI factor over ten generations is 3.57%. Knallasen&#8217;s COUPERIN&#8217;s pedigree can be found at <a href=\"http:\/\/www.republika-marzen.pl\" target=\"_blank\">www.republika-marzen.pl<\/a><\/p>\n<table>\n<tbody>\n<tr>\n<td><span style=\"font-size: xx-small;\">Proxima Wichrowe Zauroczenie<\/span><a href=\"\/pro\/01p.jpg\" target=\"_blank\"><br \/>\n<img loading=\"lazy\" decoding=\"async\" src=\"\/pro\/m01p.jpg\" alt=\"\" width=\"180\" height=\"120\" border=\"0\" \/><\/a><\/td>\n<td><span style=\"font-size: xx-small;\">Knallasen`s Couperin<\/span><a href=\"\/pro\/01.jpg\" target=\"_blank\"><br \/>\n<img loading=\"lazy\" decoding=\"async\" src=\"\/pro\/m01.jpg\" alt=\"\" width=\"180\" height=\"120\" border=\"0\" \/><\/a><\/td>\n<\/tr>\n<tr>\n<td><span style=\"font-size: xx-small;\">&#8211; Their offspring<\/span><a href=\"http:\/\/www.szarestado.pl\/galery\/szczeproxy\/album\/index.html\" target=\"_blank\"><img loading=\"lazy\" decoding=\"async\" src=\"\/pro\/36.jpg\" alt=\"\" width=\"180\" height=\"120\" \/><\/a><\/td>\n<td>the Irish Wolfhound puppies were born &#8211;<br \/>\nfive males and five females.<\/td>\n<\/tr>\n<\/tbody>\n<\/table>\n<p><a class=\"klasa1\" href=\"http:\/\/www.szarestado.pl\/en\/mioty\/miot-m\"><br \/>\n<span style=\"text-decoration: underline;\"><strong>LITTER M<\/strong> &#8211; POJAWI\u0141 SI\u0118 NA \u015aWIECIE: 8.02.2012<\/span> &#8211; read more<\/a><br \/>\n<a href=\"http:\/\/www.szarestado.pl\/pierwsze-dni-zycia-miotu-m\"><img decoding=\"async\" class=\"aligncenter size-medium wp-image-504\" title=\"OLYMPUS DIGITAL CAMERA\" src=\"http:\/\/www.szarestado.pl\/wp-content\/uploads\/2012\/02\/s1-300x224.jpg\" alt=\"\" width=\"200\" height=144\" srcset=\"https:\/\/www.szarestado.pl\/wp-content\/uploads\/2012\/02\/s1-300x224.jpg 300w, https:\/\/www.szarestado.pl\/wp-content\/uploads\/2012\/02\/s1-400x300.jpg 400w, https:\/\/www.szarestado.pl\/wp-content\/uploads\/2012\/02\/s1.jpg 800w\" sizes=\"(max-width: 300px) 100vw, 300px\" \/><br \/>\n&#8211; see litter M&#8217;s gallery<\/a><\/p>\n<p><a class=\"klasa1\" href=\"http:\/\/www.szarestado.pl\/en\/mioty\/miot-z\"><br \/>\n<span style=\"text-decoration: underline;\"><strong>LITTER Z<\/strong> &#8211; POJAWI\u0141 SI\u0118 NA \u015aWIECIE: 1.01.2011<\/span> &#8211; read more<\/a><\/p>\n<p><a href=\"..\/..\/galery\/zorka\/album\/index.html\" target=\"_blank\"><img decoding=\"async\" src=\"\/galery\/zorka\/zorka.jpg\" alt=\"\" \/><br \/>\n&#8211; see litter Z&#8217;s gallery<\/a><\/p>\n<p><a class=\"klasa1\" href=\"http:\/\/www.szarestado.pl\/en\/mioty\/miot-t\"><br \/>\n<span style=\"text-decoration: underline;\"><strong>LITTER T<\/strong> &#8211; POJAWI\u0141 SI\u0118 NA \u015aWIECIE: 8.01.2010<\/span> &#8211; read more<\/a><\/p>\n<p><a href=\"..\/..\/galery\/szcze\/album\/index.html\" target=\"_blank\"><img decoding=\"async\" src=\"\/galery\/szcze\/szcze.jpg\" alt=\"\" \/><br \/>\n&#8211; see litter T&#8217;s gallery<\/a>tr<\/p>","protected":false},"excerpt":{"rendered":"<p>LITTER V &#8211; POJAWI\u0141 SI\u0118 NA \u015aWIECIE: 24.12.2010 see litter V&#8217;s gallery see litter V&#8217;s gallery &#8211; part 2 litter V and coursing the fate of litter V Szczeniaki z tego miotu zacz\u0119\u0142y opuszcza\u0107 Szare Stado od 25 lutego. Miot &hellip; <a href=\"https:\/\/www.szarestado.pl\/en\/mioty\/miot-v\">Continue reading <span class=\"meta-nav\">&rarr;<\/span><\/a><\/p>\n","protected":false},"author":1,"featured_media":0,"parent":10,"menu_order":2,"comment_status":"open","ping_status":"open","template":"","meta":{"ngg_post_thumbnail":0,"footnotes":""},"class_list":["post-37","page","type-page","status-publish","hentry"],"aioseo_notices":[],"_links":{"self":[{"href":"https:\/\/www.szarestado.pl\/en\/wp-json\/wp\/v2\/pages\/37"}],"collection":[{"href":"https:\/\/www.szarestado.pl\/en\/wp-json\/wp\/v2\/pages"}],"about":[{"href":"https:\/\/www.szarestado.pl\/en\/wp-json\/wp\/v2\/types\/page"}],"author":[{"embeddable":true,"href":"https:\/\/www.szarestado.pl\/en\/wp-json\/wp\/v2\/users\/1"}],"replies":[{"embeddable":true,"href":"https:\/\/www.szarestado.pl\/en\/wp-json\/wp\/v2\/comments?post=37"}],"version-history":[{"count":26,"href":"https:\/\/www.szarestado.pl\/en\/wp-json\/wp\/v2\/pages\/37\/revisions"}],"predecessor-version":[{"id":641,"href":"https:\/\/www.szarestado.pl\/en\/wp-json\/wp\/v2\/pages\/37\/revisions\/641"}],"up":[{"embeddable":true,"href":"https:\/\/www.szarestado.pl\/en\/wp-json\/wp\/v2\/pages\/10"}],"wp:attachment":[{"href":"https:\/\/www.szarestado.pl\/en\/wp-json\/wp\/v2\/media?parent=37"}],"curies":[{"name":"wp","href":"https:\/\/api.w.org\/{rel}","templated":true}]}}