{"id":738,"date":"2013-05-28T12:16:10","date_gmt":"2013-05-28T10:16:10","guid":{"rendered":"http:\/\/www.szarestado.pl\/?page_id=738"},"modified":"2019-12-29T20:59:15","modified_gmt":"2019-12-29T18:59:15","slug":"morgana","status":"publish","type":"page","link":"https:\/\/www.szarestado.pl\/en\/nasze-psy\/morgana","title":{"rendered":"Morgana Szare Stado"},"content":{"rendered":"<p><span style=\"text-decoration: underline;\"><strong>MORGANA SZARE STADO<\/strong> &#8211; DATA URODZENIA: 8.02.2012<\/span><br \/>\n<a href=\"http:\/\/www.szarestado.pl\/morgana\"><img loading=\"lazy\" decoding=\"async\" title=\"Morgana\" src=\"http:\/\/www.szarestado.pl\/wp-content\/uploads\/2013\/05\/morga2.jpg\" alt=\"\" width=\"200\" height=\"150\"><\/a><\/p>\n<p><a href=\"http:\/\/www.szarestado.pl\/morgana\" target=\"_blank\" rel=\"noopener noreferrer\">&#8211; zobacz galeri\u0119 Morgany<\/a><\/p>\n<p><span style=\"text-decoration: underline;\">RODOW\u00d3D:<\/span><\/p>\n<p><a href=\"\/img\/rod\/rodo1.jpg\" target=\"_blank\" rel=\"noopener noreferrer\"><img decoding=\"async\" src=\"\/img\/rod\/rodo2.jpg\" alt=\"\"><\/a><\/p>\n<p><a href=\"\/img\/rod\/rodo1.jpg\" target=\"_blank\" rel=\"noopener noreferrer\">plik w formacie jpg<\/a><br \/>\n<a href=\"\/img\/rod\/rodo1.pdf\" target=\"_blank\" rel=\"noopener noreferrer\">plik w formacie .pdf<\/a><\/p>\n<p><span style=\"text-decoration: underline;\">OSI\u0104GNI\u0118CIA:<br \/>\n<\/span><\/p>\n<p>&nbsp;<\/p>\n<p><a class=\"klasa1\" href=\"http:\/\/www.szarestado.pl\/?page_id=19\"><br \/>\n<span style=\"text-decoration: underline;\"><strong>FELA RAJTON- BOST<\/strong> &#8211; DATA URODZENIA: 25.06.2006<\/span> &#8211; rozwi\u0144<\/a><\/p>\n<p><a href=\"\/galery\/fela\/album\/index.html\" target=\"_blank\" rel=\"noopener noreferrer\"><img decoding=\"async\" src=\"\/galery\/fela\/minif.jpg\" alt=\"\"><br \/>\n&#8211; zobacz galeri\u0119 Feli<\/a><\/p>\n<p><a class=\"klasa1\" href=\"http:\/\/www.szarestado.pl\/?page_id=21\"><br \/>\n<span style=\"text-decoration: underline;\"><strong>PROXIMA WICHROWE ZAUROCZENIE<\/strong> &#8211; DATA URODZENIA: 25.11.2008<\/span> &#8211; rozwi\u0144<\/a><\/p>\n<p><a href=\"\/galery\/proxa\/album\/index.html\" target=\"_blank\" rel=\"noopener noreferrer\"><img decoding=\"async\" src=\"\/galery\/proxa\/proxa.jpg\" alt=\"\"><br \/>\n&#8211; zobacz galeri\u0119 Proxy<\/a><\/p>\n<p><a class=\"klasa1\" href=\"http:\/\/www.szarestado.pl\/?page_id=31\"><br \/>\n<span style=\"text-decoration: underline;\"><strong>VARNA SZARE STADO<\/strong> &#8211; DATA URODZENIA: 24.12.2010<\/span> &#8211; rozwi\u0144<\/a><\/p>\n<p><a href=\"\/galery\/varna\/album\/index.html\" target=\"_blank\" rel=\"noopener noreferrer\"><img decoding=\"async\" src=\"\/galery\/varna\/varna.jpg\" alt=\"\"><br \/>\n&#8211; zobacz galeri\u0119 Varny<\/a><\/p>\n<p><a class=\"klasa1\" href=\"http:\/\/www.szarestado.pl\/?page_id=33\"><br \/>\n<span style=\"text-decoration: underline;\"><strong>ZORKA SZARE STADO<\/strong> &#8211; DATA URODZENIA: 1.01.2011<\/span> &#8211; rozwi\u0144<\/a><\/p>\n<p><a href=\"\/galery\/zorka\/album\/index.html\" target=\"_blank\" rel=\"noopener noreferrer\"><img decoding=\"async\" src=\"\/galery\/zorka\/zorka.jpg\" alt=\"\"><br \/>\n&#8211; zobacz galeri\u0119 Zorki<\/a><\/p>\n<p><a href=\"http:\/\/www.szarestado.pl\/malte\"><strong><u>TEMHAIR&#8217;S MALTE<\/u><\/strong><u> &#8211; DATA URODZENIA 10.03.2016<\/u><\/a><\/p>\n<p><a href=\"http:\/\/www.szarestado.pl\/malte\"><br \/>\n<\/a><a href=\"http:\/\/www.szarestado.pl\/malte\"><img loading=\"lazy\" decoding=\"async\" title=\"Malte\" src=\"http:\/\/www.szarestado.pl\/wp-content\/uploads\/2017\/04\/malte2.jpg\" alt=\"\" width=\"200\" height=\"150\"><\/a><\/p>","protected":false},"excerpt":{"rendered":"<p>MORGANA SZARE STADO &#8211; DATA URODZENIA: 8.02.2012 &#8211; zobacz galeri\u0119 Morgany RODOW\u00d3D: plik w formacie jpg plik w formacie .pdf OSI\u0104GNI\u0118CIA: &nbsp; FELA RAJTON- BOST &#8211; DATA URODZENIA: 25.06.2006 &#8211; rozwi\u0144 &#8211; zobacz galeri\u0119 Feli PROXIMA WICHROWE ZAUROCZENIE &#8211; DATA &hellip; <a href=\"https:\/\/www.szarestado.pl\/en\/nasze-psy\/morgana\">Continue reading <span class=\"meta-nav\">&rarr;<\/span><\/a><\/p>\n","protected":false},"author":1,"featured_media":0,"parent":6,"menu_order":0,"comment_status":"closed","ping_status":"closed","template":"","meta":{"ngg_post_thumbnail":0,"footnotes":""},"class_list":["post-738","page","type-page","status-publish","hentry"],"aioseo_notices":[],"_links":{"self":[{"href":"https:\/\/www.szarestado.pl\/en\/wp-json\/wp\/v2\/pages\/738"}],"collection":[{"href":"https:\/\/www.szarestado.pl\/en\/wp-json\/wp\/v2\/pages"}],"about":[{"href":"https:\/\/www.szarestado.pl\/en\/wp-json\/wp\/v2\/types\/page"}],"author":[{"embeddable":true,"href":"https:\/\/www.szarestado.pl\/en\/wp-json\/wp\/v2\/users\/1"}],"replies":[{"embeddable":true,"href":"https:\/\/www.szarestado.pl\/en\/wp-json\/wp\/v2\/comments?post=738"}],"version-history":[{"count":14,"href":"https:\/\/www.szarestado.pl\/en\/wp-json\/wp\/v2\/pages\/738\/revisions"}],"predecessor-version":[{"id":1594,"href":"https:\/\/www.szarestado.pl\/en\/wp-json\/wp\/v2\/pages\/738\/revisions\/1594"}],"up":[{"embeddable":true,"href":"https:\/\/www.szarestado.pl\/en\/wp-json\/wp\/v2\/pages\/6"}],"wp:attachment":[{"href":"https:\/\/www.szarestado.pl\/en\/wp-json\/wp\/v2\/media?parent=738"}],"curies":[{"name":"wp","href":"https:\/\/api.w.org\/{rel}","templated":true}]}}